{"id":14,"date":"2015-02-11T14:57:27","date_gmt":"2015-02-11T14:57:27","guid":{"rendered":"http:\/\/www.sammonelakekerho.net\/hki\/?page_id=14"},"modified":"2026-01-16T20:55:37","modified_gmt":"2026-01-16T18:55:37","slug":"etusivu","status":"publish","type":"page","link":"https:\/\/www.sammonelakekerho.net\/hki\/","title":{"rendered":"Etusivu"},"content":{"rendered":"<p><a href=\"https:\/\/www.sammonelakekerho.net\/hki\/wp-content\/uploads\/2015\/02\/18122010053-e1423737391194.jpg\"><img loading=\"lazy\" decoding=\"async\" class=\"alignleft wp-image-43 size-full\" src=\"https:\/\/www.sammonelakekerho.net\/hki\/wp-content\/uploads\/2015\/02\/18122010053-e1423737391194.jpg\" alt=\"El\u00e4kkeell\u00e4\" width=\"300\" height=\"140\"><\/a>Helsingin Sammon El\u00e4kel\u00e4iskerho on perustettu 28.9.1977. Siihen voivat liitty\u00e4 kaikki entisen Vakuutusyhti\u00f6 Sammon tai sen tyt\u00e4ryhti\u00f6iden, Henki-Sammon\/Kalevan ja If Vahinkovakuutusyhti\u00f6 Oy:n palveluksesta el\u00e4kkeelle j\u00e4\u00e4neet henkil\u00f6t, jotka asuvat Helsingiss\u00e4 tai sen l\u00e4hiymp\u00e4rist\u00f6ss\u00e4. El\u00e4kel\u00e4iskerho edist\u00e4\u00e4 s\u00e4\u00e4nt\u00f6jens\u00e4 mukaisesti j\u00e4sentens\u00e4 keskin\u00e4ist\u00e4 kanssak\u00e4ymist\u00e4 ja harrastusmahdollisuuksia. T\u00e4ss\u00e4 tarkoituksessa kerho j\u00e4rjest\u00e4\u00e4 erilaisia vierailuja, matkoja ja retki\u00e4 kiinnostaviin kohteisiin. My\u00f6s yhteiset lounastilaisuudet ja muut kokoukset ovat vuosittain toistuvia tapahtumia. If my\u00f6nt\u00e4\u00e4 kerhon toimintaa varten vuosittain vahvistettavan m\u00e4\u00e4r\u00e4rahan.<\/p>\n<p><strong>Uusimmat<br><\/strong><\/p>\n<p><strong>16.01.2026<\/strong> <a href=\"https:\/\/www.sammonelakekerho.net\/hki\/wp-content\/uploads\/2026\/01\/Vuosikokouspoytakirja-2026.pdf\">Vuosikokouksen p\u00f6yt\u00e4kirja<\/a>, <a href=\"https:\/\/www.sammonelakekerho.net\/hki\/wp-content\/uploads\/2026\/01\/Toimintakertomus-2025.pdf\">toimintakertomus<\/a> ja <a href=\"https:\/\/www.sammonelakekerho.net\/hki\/wp-content\/uploads\/2026\/01\/Toiminta-kevat-2026.pdf\">kev\u00e4\u00e4n ohjelma<\/a><\/p>\n<p><strong>09.12.2025<\/strong> Vuosikokouksen p\u00e4iv\u00e4n aikaistus -&gt; <strong>14.1.2026<br><\/strong><strong>19.11.2025<\/strong> <a href=\"https:\/\/www.sammonelakekerho.net\/hki\/wp-content\/uploads\/2025\/11\/Jasenkirje-2025-6b.pdf\">J\u00e4senkirje 6b\/2025<\/a> &#8211; T\u00e4ydennys kev\u00e4\u00e4n <a href=\"https:\/\/www.sammonelakekerho.net\/hki\/tiedotteet\/\">ohjelmaan<\/a><br><strong>14.11.2025<\/strong> <a href=\"https:\/\/www.sammonelakekerho.net\/hki\/wp-content\/uploads\/2025\/11\/Jasenkirje-2025-6.pdf\">J\u00e4senkirje 6\/2025<\/a> &#8211; kev\u00e4\u00e4n 2026 ohjelma<br><strong>19.08.2025<\/strong> <a href=\"https:\/\/www.sammonelakekerho.net\/hki\/wp-content\/uploads\/2025\/08\/Jasenkirje-2025-5_syksy.pdf\">J\u00e4senkirje 5\/2025<\/a> &#8211; syksyn ohjelma<br><strong>17.03.2025<\/strong> <a href=\"https:\/\/www.sammonelakekerho.net\/hki\/wp-content\/uploads\/2025\/03\/Jasenkirje-2025-3.pdf\">J\u00e4senkirje 3\/2025<\/a> Tietoa risteilyst\u00e4 13.5.2025<br><strong>30.01.2025<\/strong> <a href=\"https:\/\/www.sammonelakekerho.net\/hki\/wp-content\/uploads\/2025\/01\/Vuosikokouksen-poytakirja-2025.pdf\">Vuosikokouksen 28.1.2025 p\u00f6yt\u00e4kirja<\/a><br><strong>24.01.2025 <\/strong><a href=\"https:\/\/www.sammonelakekerho.net\/hki\/tiedotteet\/\">Kev\u00e4\u00e4n ohjelma ja hiukan syksynkin <\/a>sek\u00e4 <a href=\"https:\/\/www.sammonelakekerho.net\/hki\/toimintakertomus\/\">Toimintakertomus 2024<\/a><\/p>\n<p><strong>07.11.2022<\/strong> Uusi sivu <a href=\"https:\/\/www.sammonelakekerho.net\/hki\/asiakirjat\/\">Asiakirjat<\/a>, jossa <a href=\"https:\/\/www.sammonelakekerho.net\/wp\/wp-content\/uploads\/2022\/01\/Elake-ja-hautausavustus.pdf\">El\u00e4ke ja hautausavustus<\/a><\/p>\n<p>Mik\u00e4li s\u00e4hk\u00f6postiosoitteesi on muuttunut\/muuttuu, ilmoitathan siit\u00e4 s\u00e4hk\u00f6postitse karita.riima(\u00e4)gmail.com.<br>T\u00e4ll\u00e4 hetkell\u00e4 palautuu varsinkin osoitteesta luukku.com ja syyn\u00e4 \u201dosoitetta ei l\u00f6ydy tai siihen ei voi l\u00e4hett\u00e4\u00e4 viestej\u00e4\u201d.<br>N\u00e4m\u00e4 henkil\u00f6t j\u00e4\u00e4v\u00e4t t\u00e4ten pois tiedotteiden jakelusta!<\/p>\n\n\n<p><\/p>\n","protected":false},"excerpt":{"rendered":"<p>Helsingin Sammon El\u00e4kel\u00e4iskerho on perustettu 28.9.1977. Siihen voivat liitty\u00e4 kaikki entisen Vakuutusyhti\u00f6 Sammon tai sen tyt\u00e4ryhti\u00f6iden, Henki-Sammon\/Kalevan ja If Vahinkovakuutusyhti\u00f6 Oy:n palveluksesta el\u00e4kkeelle j\u00e4\u00e4neet henkil\u00f6t, jotka asuvat Helsingiss\u00e4 tai sen l\u00e4hiymp\u00e4rist\u00f6ss\u00e4. El\u00e4kel\u00e4iskerho edist\u00e4\u00e4 s\u00e4\u00e4nt\u00f6jens\u00e4 mukaisesti j\u00e4sentens\u00e4 keskin\u00e4ist\u00e4 kanssak\u00e4ymist\u00e4 ja harrastusmahdollisuuksia. T\u00e4ss\u00e4 tarkoituksessa kerho j\u00e4rjest\u00e4\u00e4 erilaisia vierailuja, matkoja ja retki\u00e4 kiinnostaviin kohteisiin. My\u00f6s yhteiset lounastilaisuudet ja &hellip; <a href=\"https:\/\/www.sammonelakekerho.net\/hki\/\" class=\"more-link\">Jatka lukemista<span class=\"screen-reader-text\"> &#8221;Etusivu&#8221;<\/span><\/a><\/p>\n","protected":false},"author":4,"featured_media":0,"parent":0,"menu_order":0,"comment_status":"closed","ping_status":"closed","template":"","meta":{"_mi_skip_tracking":false,"ngg_post_thumbnail":0,"footnotes":""},"class_list":["post-14","page","type-page","status-publish","hentry"],"_links":{"self":[{"href":"https:\/\/www.sammonelakekerho.net\/hki\/wp-json\/wp\/v2\/pages\/14","targetHints":{"allow":["GET"]}}],"collection":[{"href":"https:\/\/www.sammonelakekerho.net\/hki\/wp-json\/wp\/v2\/pages"}],"about":[{"href":"https:\/\/www.sammonelakekerho.net\/hki\/wp-json\/wp\/v2\/types\/page"}],"author":[{"embeddable":true,"href":"https:\/\/www.sammonelakekerho.net\/hki\/wp-json\/wp\/v2\/users\/4"}],"replies":[{"embeddable":true,"href":"https:\/\/www.sammonelakekerho.net\/hki\/wp-json\/wp\/v2\/comments?post=14"}],"version-history":[{"count":68,"href":"https:\/\/www.sammonelakekerho.net\/hki\/wp-json\/wp\/v2\/pages\/14\/revisions"}],"predecessor-version":[{"id":772,"href":"https:\/\/www.sammonelakekerho.net\/hki\/wp-json\/wp\/v2\/pages\/14\/revisions\/772"}],"wp:attachment":[{"href":"https:\/\/www.sammonelakekerho.net\/hki\/wp-json\/wp\/v2\/media?parent=14"}],"curies":[{"name":"wp","href":"https:\/\/api.w.org\/{rel}","templated":true}]}}